{"id":1670,"date":"2016-08-03T15:06:30","date_gmt":"2016-08-03T15:06:30","guid":{"rendered":"https:\/\/deski.org\/?page_id=1670"},"modified":"2017-09-07T16:09:44","modified_gmt":"2017-09-07T16:09:44","slug":"oboz-narciarski-paganella-ferie-2","status":"publish","type":"page","link":"https:\/\/deski.org\/en\/oboz-narciarski-paganella-ferie-2\/","title":{"rendered":"ob\u00f3z narciarski Fai della Paganella (Ferie) 2"},"content":{"rendered":"<div class=\"wpb-content-wrapper\"><p>[vc_row][vc_column width=&#8221;1\/1&#8243;]<div class=\"spacer\" style=\"height: 40px;\"><\/div>[rev_slider_vc alias=&#8221;FeriePaganella&#8221;][vc_column_text]<strong>Termin: <strong>19.01 &#8211; 28.01.2018 <\/strong><\/strong><\/p>\n<p>Wyjazd dla dzieci z rocznika 2013 i starszych, z rodzicami oraz dla doros\u0142ych bez dzieci<\/p>\n<hr \/>\n<p><strong>Zakwaterowanie:\u00a0Hotel Al Sole****<\/strong><\/p>\n<p><strong>Hotel Al Sole****\u00a0<\/strong>(Fai della Paganella)<br \/>\nHotel Al Sole usytuowany przy przystanku skibus, 500m od wyci\u0105gu Santel i 100m od centrum miasteczka. Posiada pokoje wyposa\u017cone w najwy\u017cszy komfort: TV-sat, telefon, \u0142azienka z prysznicem i suszark\u0105 do w\u0142os\u00f3w. Wszystkie pokoje maj\u0105 balkon. Do dyspozycji go\u015bci prywatny parking, gara\u017c, internet wi-fi, sala bar, sala zabaw dla dzieci, obszerne i komfortowe centrum Spa z basenem.<br \/>\n<a href=\"http:\/\/www.alsolehotel.info\/sito\/index.php\" target=\"_blank\">www.alsolehotel.info<\/a><\/p>\n<p><strong>O\u015brodek narciarski: Fai della Paganella \u2013 Andalo<br \/>\n<\/strong>Fai della Paganella \u2013 Andalo to o\u015brodek wkomponowany w dziewiczy krajobraz Dolomit\u00f3w Brenta. 70 km perfekcyjnie przygotowanych tras narciarskich (z 95% na\u015bnie\u017caniem), nowoczesne wyci\u0105gi krzese\u0142kowe i 2 gondole 8-osobowe gwarantuj\u0105 szybkie dotarcie na szczyt stok\u00f3w. R\u00f3\u017cnorodno\u015b\u0107 tras sprawia, \u017ce doskonale czuj\u0105 si\u0119 tutaj zar\u00f3wno do\u015bwiadczeni i wymagaj\u0105cy narciarze, jak i pocz\u0105tkuj\u0105cy amatorzy bia\u0142ego szale\u0144stwa. Najd\u0142u\u017csze trasy dochodz\u0105 do5-6 km. Na terenie ca\u0142ego kompleksu \u2013 mi\u0119dzy poszczeg\u00f3lnymi stokami \u2013 znajduje si\u0119 kilkana\u015bcie chatek g\u00f3ralskich, kt\u00f3re strudzonym narciarzom oferuj\u0105 gor\u0105ce i smaczne posi\u0142ki.<\/p>\n<p>W Andalo znajduje si\u0119 centrum sportu, gdzie skorzysta\u0107 mo\u017cna z nowoczesnego centrum SPA, parku wodnego i lodowiska.<\/p>\n<p><strong>Koncepcja wyjazdu dla rodzic\u00f3w z dzie\u0107mi<\/strong><br \/>\nPo przybyciu na miejsce, organizowane jest spotkanie z instruktorami, kt\u00f3rzy przedstawiaj\u0105 plan zaj\u0119\u0107 na nast\u0119pne dni na \u015bniegu dla doros\u0142ych i dzieci. Wszystkie dzieci podzielone s\u0105 na grupy, w zale\u017cno\u015bci od wieku oraz umiej\u0119tno\u015bci narciarskich (w\u015br\u00f3d doros\u0142ych podstawowym kryterium jest stopie\u0144 zaawansowania w je\u017adzie na nartach). Zaj\u0119cia odbywaj\u0105 si\u0119 w dw\u00f3ch turach, kt\u00f3re przedzielone s\u0105 odpoczynkiem i posi\u0142kiem w restauracji na stoku. Po zaj\u0119ciach na \u015bniegu, ok godz. 15.00-15.30 wszystkie grupy spotykaj\u0105 si\u0119 um\u00f3wionym miejscu. Po powrocie do hotelu i kr\u00f3tkim odpoczynku, dzieci udaj\u0105 si\u0119 na dalsze zaj\u0119cia, kt\u00f3re trwaj\u0105 ok 60-90 min. W tym czasie doro\u015bli maj\u0105 r\u00f3wnie\u017c okazj\u0119 skorzysta\u0107 z dalszej, tym razem teoretycznej cz\u0119\u015bci szkolenia, kt\u00f3rego g\u0142\u00f3wnym tematem jest videoanaliza poczyna\u0144 na stoku<\/p>\n<p>Ok godz. 18.30-19.00 rozpoczyna si\u0119 obiadokolacja w hotelowej restauracji, po czym dzieci udaj\u0105 si\u0119 na zas\u0142u\u017cony odpoczynek a doro\u015bli korzystaj\u0105 z wolnego czasu i atrakcji przygotowanych przez hotel. Ostatni dzie\u0144 na \u015bniegu wygl\u0105da nieco inaczej, po przedpo\u0142udniowym szkoleniu, nast\u0119puje spotkanie doros\u0142ych z dzie\u0107mi, wsp\u00f3lny lunch na stoku a p\u00f3\u017aniej tzw. narty rodzinne, na kt\u00f3rych rodzice maj\u0105 okazj\u0119 spotka\u0107 si\u0119 na \u015bniegu z dzie\u0107mi.<\/p>\n<hr \/>\n<p><strong>Cena:<\/strong><\/p>\n<p>Dwie osoby w pokoju:<br \/>\n4 590 z\u0142 osoba doros\u0142a<br \/>\n4\u00a0370 z\u0142 dla dzieci z rocznik\u00f3w 2002-2009<br \/>\n3 740\u00a0z\u0142 dla dzieci z rocznik\u00f3w 2010-2013<\/p>\n<p>Trzy i cztery osoby w pokoju:<br \/>\n3 990 z\u0142 dla dzieci z rocznik\u00f3w 2002-2003<br \/>\n3 610 z\u0142 dla dzieci z rocznik\u00f3w 2004-2009<br \/>\n2\u00a0490\u00a0z\u0142 dla dzieci z rocznik\u00f3w 2010-2013<\/p>\n<p><strong>Cena wyjazdu zawiera:<\/strong><\/p>\n<ul>\n<li>dojazd komfortowym autokarem (wc, barek, video, klimatyzacja)<\/li>\n<li>zakwaterowanie: pokoje 2-4 osobowe w hotelu Al Sole ****<\/li>\n<li>wy\u017cywienie: dwa posi\u0142ki dziennie (\u015bniadanie i obiadokolacja)<\/li>\n<li>6-dniowy karnet na o\u015brodek narciarski Andalo-Paganella<\/li>\n<li>opiek\u0119 i szkolenie (trenerzy i instruktorzy WTS DeSki)<\/li>\n<li>ubezpieczenie (KL, NNW, OC)<\/li>\n<\/ul>\n<p><em>Cena nie zawiera kosztu dodatkowych posi\u0142k\u00f3w na stoku dla dzieci.<\/em><\/p>\n<p><em>Uwaga: cena<\/em>\u00a0wyjazdu mo\u017ce ulec zmianie przy wzro\u015bcie kursu euro ponad 4,30 z\u0142.<\/p>\n<p>Warunki p\u0142atno\u015bci:<br \/>\n1500 z\u0142 \u2013 zaliczka (od osoby) p\u0142atna w momencie zapisu na ob\u00f3z, pozosta\u0142a kwota p\u0142atna najp\u00f3\u017aniej na 21 przed rozpocz\u0119ciem obozu<\/p>\n<hr \/>\n<p>[\/vc_column_text][\/vc_column][\/vc_row][vc_row][vc_column width=&#8221;1\/1&#8243;]<div class=\"spacer\" style=\"height: 40px;\"><\/div><div class=\"single_image wpb_content_element align-left    \" data-animation=\"none\" data-delay=\"0\"><img loading=\"lazy\" decoding=\"async\" width=\"1024\" height=\"175\" src=\"https:\/\/deski.org\/wp-content\/uploads\/2016\/02\/pasek-oboz-zapisz-sie.jpg\" class=\"attachment-full\" alt=\"\" title=\"pasek oboz zapisz sie\" srcset=\"https:\/\/deski.org\/wp-content\/uploads\/2016\/02\/pasek-oboz-zapisz-sie.jpg 1024w, https:\/\/deski.org\/wp-content\/uploads\/2016\/02\/pasek-oboz-zapisz-sie-300x51.jpg 300w, https:\/\/deski.org\/wp-content\/uploads\/2016\/02\/pasek-oboz-zapisz-sie-768x131.jpg 768w\" sizes=\"auto, (max-width: 1024px) 100vw, 1024px\" \/><\/div>[vc_column_text]<p class=\"wpcf7-contact-form-not-found\"><strong>Error:<\/strong> Contact form not found.<\/p>[\/vc_column_text][\/vc_column][\/vc_row][vc_row][vc_column width=&#8221;1\/3&#8243;]<a href=\"https:\/\/deski.org\/wp-content\/uploads\/2016\/08\/2013_regulamin_narty_snowboard.pdf\" target=\"_blank\" class=\"button color-3 full \" style=\"border-radius: 2px;\"><i class='fa sl-emoticon-smile'><\/i>REGULAMIN OBOZ\u00d3W &#8211; pdf<\/a>[\/vc_column][vc_column width=&#8221;1\/3&#8243;]<a href=\"https:\/\/deski.org\/wp-content\/uploads\/2016\/03\/karta-obozowa.pdf\" target=\"_blank\" class=\"button color-3 full \" style=\"border-radius: 2px;\"><i class='fa sl-pencil'><\/i>KARTA OBOZOWA &#8211; pdf<\/a>[\/vc_column][vc_column width=&#8221;1\/3&#8243;]<a href=\"https:\/\/deski.org\/wp-content\/uploads\/2016\/08\/lista-rzeczy-do-zabrania-narty.pdf\" target=\"_blank\" class=\"button color-3 full \" style=\"border-radius: 2px;\"><i class='fa sl-list'><\/i>CO ZABRA\u0106 ZE SOB\u0104 &#8211; pdf<\/a>[\/vc_column][\/vc_row][vc_row][vc_column width=&#8221;1\/1&#8243;]<div class=\"spacer\" style=\"height: 40px;\"><\/div>[\/vc_column][\/vc_row][vc_row type=&#8221;full_width_section&#8221;][vc_column width=&#8221;1\/1&#8243;]<div class=\"single_image wpb_content_element align-left    \" data-animation=\"none\" data-delay=\"0\"><img loading=\"lazy\" decoding=\"async\" width=\"1024\" height=\"86\" src=\"https:\/\/deski.org\/wp-content\/uploads\/2016\/02\/pasek-oboz-zaliczka3.jpg\" class=\"attachment-full\" alt=\"\" title=\"pasek oboz zaliczka3\" srcset=\"https:\/\/deski.org\/wp-content\/uploads\/2016\/02\/pasek-oboz-zaliczka3.jpg 1024w, https:\/\/deski.org\/wp-content\/uploads\/2016\/02\/pasek-oboz-zaliczka3-300x25.jpg 300w, https:\/\/deski.org\/wp-content\/uploads\/2016\/02\/pasek-oboz-zaliczka3-768x64.jpg 768w\" sizes=\"auto, (max-width: 1024px) 100vw, 1024px\" \/><\/div>[\/vc_column][\/vc_row]<\/p>\n<\/div>","protected":false},"excerpt":{"rendered":"<p>[vc_row][vc_column width=&#8221;1\/1&#8243;][rev_slider_vc alias=&#8221;FeriePaganella&#8221;][vc_column_text]Termin: 19.01 &#8211; 28.01.2018 Wyjazd dla dzieci z rocznika 2013 i starszych, z rodzicami oraz dla doros\u0142ych bez dzieci Zakwaterowanie:\u00a0Hotel Al Sole**** Hotel Al Sole****\u00a0(Fai della Paganella) Hotel Al Sole usytuowany przy przystanku skibus, 500m od wyci\u0105gu Santel i 100m od centrum miasteczka. Posiada pokoje wyposa\u017cone w najwy\u017cszy komfort: TV-sat, telefon, \u0142azienka z prysznicem i suszark\u0105 do w\u0142os\u00f3w. Wszystkie pokoje maj\u0105 balkon. Do dyspozycji go\u015bci prywatny parking, gara\u017c, internet wi-fi, sala bar, sala zabaw dla dzieci, obszerne i komfortowe centrum Spa z basenem. www.alsolehotel.info O\u015brodek narciarski: Fai della Paganella \u2013 Andalo Fai della Paganella \u2013 Andalo to o\u015brodek wkomponowany w dziewiczy krajobraz Dolomit\u00f3w Brenta. 70 km perfekcyjnie przygotowanych tras narciarskich (z 95% na\u015bnie\u017caniem), nowoczesne wyci\u0105gi krzese\u0142kowe i 2 gondole 8-osobowe gwarantuj\u0105 szybkie dotarcie na szczyt stok\u00f3w. R\u00f3\u017cnorodno\u015b\u0107 tras sprawia, \u017ce doskonale czuj\u0105 si\u0119 tutaj zar\u00f3wno do\u015bwiadczeni i wymagaj\u0105cy narciarze, jak i pocz\u0105tkuj\u0105cy amatorzy bia\u0142ego szale\u0144stwa. Najd\u0142u\u017csze trasy dochodz\u0105 do5-6 km. Na terenie ca\u0142ego kompleksu \u2013 mi\u0119dzy poszczeg\u00f3lnymi stokami \u2013 znajduje si\u0119 kilkana\u015bcie chatek g\u00f3ralskich, kt\u00f3re strudzonym narciarzom oferuj\u0105 gor\u0105ce i smaczne posi\u0142ki. W Andalo znajduje si\u0119 centrum sportu, gdzie skorzysta\u0107 mo\u017cna z nowoczesnego centrum SPA, parku wodnego i lodowiska. Koncepcja wyjazdu dla rodzic\u00f3w z dzie\u0107mi Po przybyciu na [&hellip;]<\/p>\n","protected":false},"author":6,"featured_media":0,"parent":0,"menu_order":0,"comment_status":"closed","ping_status":"closed","template":"","meta":{"_acf_changed":false,"_mo_disable_npp":"","_vp_format_video_url":"","_vp_image_focal_point":[],"footnotes":""},"class_list":["post-1670","page","type-page","status-publish","hentry"],"acf":[],"aioseo_notices":[],"_links":{"self":[{"href":"https:\/\/deski.org\/en\/wp-json\/wp\/v2\/pages\/1670","targetHints":{"allow":["GET"]}}],"collection":[{"href":"https:\/\/deski.org\/en\/wp-json\/wp\/v2\/pages"}],"about":[{"href":"https:\/\/deski.org\/en\/wp-json\/wp\/v2\/types\/page"}],"author":[{"embeddable":true,"href":"https:\/\/deski.org\/en\/wp-json\/wp\/v2\/users\/6"}],"replies":[{"embeddable":true,"href":"https:\/\/deski.org\/en\/wp-json\/wp\/v2\/comments?post=1670"}],"version-history":[{"count":13,"href":"https:\/\/deski.org\/en\/wp-json\/wp\/v2\/pages\/1670\/revisions"}],"predecessor-version":[{"id":3269,"href":"https:\/\/deski.org\/en\/wp-json\/wp\/v2\/pages\/1670\/revisions\/3269"}],"wp:attachment":[{"href":"https:\/\/deski.org\/en\/wp-json\/wp\/v2\/media?parent=1670"}],"curies":[{"name":"wp","href":"https:\/\/api.w.org\/{rel}","templated":true}]}}