{"id":7950,"date":"2020-08-31T08:50:44","date_gmt":"2020-08-31T08:50:44","guid":{"rendered":"https:\/\/deski.org\/?page_id=7950"},"modified":"2020-08-31T08:50:44","modified_gmt":"2020-08-31T08:50:44","slug":"urwiski-wyjazdy-rodzinne","status":"publish","type":"page","link":"https:\/\/deski.org\/en\/urwiski-wyjazdy-rodzinne\/","title":{"rendered":"URWISKI &#8211; Wyjazdy rodzinne"},"content":{"rendered":"<div class=\"wpb-content-wrapper\"><p>[vc_row][vc_column width=&#8221;1\/1&#8243;][rev_slider_vc alias=&#8221;urwiski&#8221;]<h1 class=\"headline font-inherit fontsize-m fontweight-300 lh-inherit align-center transform-inherit \" style=\"margin: 0 0 20px 0;\">UrwiSki &#8211; przedszkole narciarskie w Deskach<\/h1>[vc_column_text]<\/p>\n<table class=\"contentpaneopen\">\n<tbody>\n<tr>\n<td colspan=\"2\" valign=\"top\">\n<div align=\"justify\">\n<p>WTS DeSki to warszawski klub sportowy, kt\u00f3ry jako pierwszy stworzy\u0142 formu\u0142\u0119 przedszkola narciarskiego. Ju\u017c na pocz\u0105tku istnienia DeSek, przesz\u0142o 25 lat temu, instruktorzy-za\u0142o\u017cyciele zauwa\u017cyli potrzeb\u0119 istnienia oboz\u00f3w narciarskich umo\u017cliwiaj\u0105cych wsp\u00f3lne szkolenie dla rodzic\u00f3w i dzieci. Rodzinne wyjazdy w polskie g\u00f3ry od lat ciesz\u0105 si\u0119 niegasn\u0105cym zainteresowaniem i co roku wprowadzaj\u0105 w \u015bwiat narciarstwa kolejne pokolenia ma\u0142ych narciarzy.<\/p>\n<p>Opieraj\u0105c si\u0119 na tradycji klubu oraz podejmuj\u0105c wyzwania nowoczesno\u015bci, DeSki powo\u0142a\u0142y do \u017cycia UrwiSki &#8211; sekcj\u0119 narciarsk\u0105 dla dzieci od 4. roku \u017cycia.<\/p>\n<p>Jaka jest UrwiSkowa misja? Pragniemy podzieli\u0107 si\u0119 z najm\u0142odszymi wsp\u00f3ln\u0105 pasj\u0105 do narciarstwa oraz zafascynowa\u0107 ich pi\u0119knem zimy i g\u00f3rskiej natury. Zale\u017cy nam na tym, aby dzieci z\u0142apa\u0142y bakcyla, by\u0142y dumne z w\u0142asnej samodzielno\u015bci oraz post\u0119p\u00f3w na stoku. Gwarantujemy \u015bwietn\u0105 zabaw\u0119 w gronie rodziny i r\u00f3wie\u015bnik\u00f3w.<\/p>\n<\/div>\n<\/td>\n<\/tr>\n<\/tbody>\n<\/table>\n<p>[\/vc_column_text]<div class=\"spacer\" style=\"height: 40px;\"><\/div>[\/vc_column][\/vc_row][vc_row][vc_column width=&#8221;1\/3&#8243;]<div class=\"pricing-plan pricing-color-true wpb_content_element\">\n\t\t\t\t<div class=\"pricing-plan-head\" style=\"background-color:#26f2a7;\">\n\t\t\t\t\t<h3>Zakopane Grudzie\u0144 #1<\/h3>\n\t\t\t\t\t<div class=\"pricing-price\"><span class=\"pricing-amount\">9.12-13.12.2020<\/span><span class=\"pricing-per\"><\/span><\/div>\n\t\t\t\t<\/div>\n\t\t\t\t\n<ul>\n<li><strong>cena 1790 z\u0142 za dziecko<\/strong><\/li>\n<li>wyjazd dla doros\u0142ych z dzie\u0107mi<\/li>\n<li>4 dni na \u015bniegu<\/li>\n<li>Willa Kurant w Zakopanem<\/li>\n<li>trzy posi\u0142ki dziennie<\/li>\n<li>dojazd w\u0142asny<\/li>\n<\/ul>\n\n\t\t\t\t<div class=\"pricing-signup\"><a href=\"https:\/\/deski.org\/oboz-urwiski-kurant-1\/\" class=\"button color-5\">Szczeg\u00f3\u0142y<\/a><\/div>\n\t\t\t<\/div>[\/vc_column][vc_column width=&#8221;1\/3&#8243;]<div class=\"pricing-plan pricing-color-true wpb_content_element\">\n\t\t\t\t<div class=\"pricing-plan-head\" style=\"background-color:#eeee22;\">\n\t\t\t\t\t<h3>SYLWESTER Zakopane<\/h3>\n\t\t\t\t\t<div class=\"pricing-price\"><span class=\"pricing-amount\">27.12-03.01.2021<\/span><span class=\"pricing-per\"><\/span><\/div>\n\t\t\t\t<\/div>\n\t\t\t\t\n<ul>\n<li><strong>cena od 2 990 z\u0142 za dziecko<\/strong><\/li>\n<li>wyjazd dla doros\u0142ych z dzie\u0107mi<\/li>\n<li>5 dni na \u015bniegu<\/li>\n<li>Willa Kurant w Zakopanem<\/li>\n<li>trzy posi\u0142ki dziennie<\/li>\n<li>dojazd w\u0142asny<\/li>\n<\/ul>\n\n\t\t\t\t<div class=\"pricing-signup\"><a href=\"https:\/\/deski.org\/sylwester-urwiski\/\" class=\"button color-5\">Szczeg\u00f3\u0142y<\/a><\/div>\n\t\t\t<\/div>[\/vc_column][vc_column width=&#8221;1\/3&#8243;]<div class=\"pricing-plan pricing-color-true wpb_content_element\">\n\t\t\t\t<div class=\"pricing-plan-head\" style=\"background-color:#26ddf2;\">\n\t\t\t\t\t<h3>FERIE NASSFELD #1<\/h3>\n\t\t\t\t\t<div class=\"pricing-price\"><span class=\"pricing-amount\">16.01 \u2013 23.01.2021<\/span><span class=\"pricing-per\"><\/span><\/div>\n\t\t\t\t<\/div>\n\t\t\t\t\n<ul>\n<li>wyjazd dla doros\u0142ych i rodzic\u00f3w z dzie\u0107mi<\/li>\n<li>6 dni na \u015bniegu<\/li>\n<li>trzy mo\u017cliwo\u015bci zakwaterowania<\/li>\n<li>dojazd komfortowym autokarem<\/li>\n<li>mo\u017cliwo\u015b\u0107 szkolenia <strong>snowboardowego<\/strong><\/li>\n<\/ul>\n\n\t\t\t\t<div class=\"pricing-signup\"><a href=\"https:\/\/deski.org\/urwiski-nassfeld-ferie-1\/\" class=\"button color-5\">Szczeg\u00f3\u0142y<\/a><\/div>\n\t\t\t<\/div>[\/vc_column][\/vc_row][vc_row][vc_column width=&#8221;1\/1&#8243;]<div class=\"spacer\" style=\"height: 30px;\"><\/div>[\/vc_column][\/vc_row][vc_row][vc_column width=&#8221;1\/3&#8243;]<div class=\"pricing-plan pricing-color-true wpb_content_element\">\n\t\t\t\t<div class=\"pricing-plan-head\" style=\"background-color:#20a7c9;\">\n\t\t\t\t\t<h3>FERIE NASSFELD #2<\/h3>\n\t\t\t\t\t<div class=\"pricing-price\"><span class=\"pricing-amount\">23.01 \u2013 30.01.2021<\/span><span class=\"pricing-per\"><\/span><\/div>\n\t\t\t\t<\/div>\n\t\t\t\t\n<ul>\n<li>wyjazd dla doros\u0142ych i rodzic\u00f3w z dzie\u0107mi<\/li>\n<li>6 dni na \u015bniegu<\/li>\n<li>trzy mo\u017cliwo\u015bci zakwaterowania<\/li>\n<li>dojazd komfortowym autokarem<\/li>\n<li>mo\u017cliwo\u015b\u0107 szkolenia <strong>snowboardowego<\/strong><\/li>\n<\/ul>\n\n\t\t\t\t<div class=\"pricing-signup\"><a href=\"https:\/\/deski.org\/urwiski-nassfeld-ferie-2\/\" class=\"button color-5\">Szczeg\u00f3\u0142y<\/a><\/div>\n\t\t\t<\/div>[\/vc_column][vc_column width=&#8221;1\/3&#8243;]<div class=\"pricing-plan pricing-color-true wpb_content_element\">\n\t\t\t\t<div class=\"pricing-plan-head\" style=\"background-color:#ff28e6;\">\n\t\t\t\t\t<h3>Zakopane #2<\/h3>\n\t\t\t\t\t<div class=\"pricing-price\"><span class=\"pricing-amount\">28.02-07.03.2021<\/span><span class=\"pricing-per\"><\/span><\/div>\n\t\t\t\t<\/div>\n\t\t\t\t\n<ul>\n<li><strong>cena od 2 790 z\u0142 za dziecko<\/strong><\/li>\n<li>Wyjazd dla\u00a0dzieci od 4 lat z rodzicami<\/li>\n<li>6 dni na \u015bniegu<\/li>\n<li>Willa Kurant w Zakopanem<\/li>\n<li>trzy posi\u0142ki dziennie<\/li>\n<li>dojazd w\u0142asny<\/li>\n<\/ul>\n\n\t\t\t\t<div class=\"pricing-signup\"><a href=\"https:\/\/deski.org\/oboz-urwiski-kurant-2\/\" class=\"button color-5\">Szczeg\u00f3\u0142y<\/a><\/div>\n\t\t\t<\/div>[\/vc_column][vc_column width=&#8221;1\/3&#8243;]<div class=\"pricing-plan pricing-color-true wpb_content_element\">\n\t\t\t\t<div class=\"pricing-plan-head\" style=\"background-color:#ba9801;\">\n\t\t\t\t\t<h3>Zakopane #3<\/h3>\n\t\t\t\t\t<div class=\"pricing-price\"><span class=\"pricing-amount\">07.03-14.03.2021<\/span><span class=\"pricing-per\"><\/span><\/div>\n\t\t\t\t<\/div>\n\t\t\t\t\n<ul>\n<li><strong>cena od 2 790 z\u0142 za dziecko<\/strong><\/li>\n<li>Wyjazd dla\u00a0dzieci od 4 lat z rodzicami<\/li>\n<li>6 dni na \u015bniegu<\/li>\n<li>Willa Kurant w Zakopanem<\/li>\n<li>trzy posi\u0142ki dziennie<\/li>\n<li>dojazd w\u0142asny<\/li>\n<\/ul>\n\n\t\t\t\t<div class=\"pricing-signup\"><a href=\"https:\/\/deski.org\/oboz-urwiski-kurant-3\/\" class=\"button color-5\">Szczeg\u00f3\u0142y<\/a><\/div>\n\t\t\t<\/div>[\/vc_column][\/vc_row][vc_row][vc_column width=&#8221;1\/1&#8243;]<div class=\"spacer\" style=\"height: 30px;\"><\/div>[\/vc_column][\/vc_row][vc_row][vc_column width=&#8221;1\/1&#8243;]<div class=\"spacer\" style=\"height: 40px;\"><\/div>[vc_column_text]<\/p>\n<table class=\"contentpaneopen\">\n<tbody>\n<tr>\n<td colspan=\"2\" valign=\"top\"><i><strong>NA CZYM POLEGA PRZEDSZKOLE NARCIARSKIE:<\/strong><\/i><\/p>\n<p>&#8211; Jest to\u00a0formu\u0142a wyjazdu narciarskiego dedykowana maluchom w wieku 4 \u2013 oko\u0142o 7\/ 8 lat.\u00a0Najcz\u0119\u015bciej oznacza to r\u00f3wnie\u017c, \u017ce dzieci te nigdy wcze\u015bniej nie je\u017adzi\u0142y jeszcze na nartach lub s\u0105 pocz\u0105tkuj\u0105ce.<\/p>\n<p>*Prosz\u0119\u00a0si\u0119 nie martwi\u0107, je\u015bli Pa\u0144stwa dziecko ju\u017c je\u017adzi \u2013 b\u0119dzie mia\u0142o dla\u00a0siebie grup\u0119. Co roku przyje\u017cd\u017caj\u0105 dzieci, kt\u00f3re maj\u0105 oko\u0142o 5\/6 lat, ale\u00a0je\u017cd\u017c\u0105 ju\u017c ca\u0142kiem dobrze \u2013 dla nich zawsze mamy oddzieln\u0105 grup\u0119 &#8220;super\u00a0wymiataczy&#8221;. Stawiamy im slalomy, tory przeszk\u00f3d, robimy &#8220;treningi z prawdziwego\u00a0zdarzenia&#8221;.\u00a0Do wszystkich poziom\u00f3w zaawansowania mamy instruktora, indywidualne podej\u015bcie.\u00a0A\u00a0grupy pocz\u0105tkuj\u0105ce przewa\u017cnie po 2 \u2013 3 dniach je\u017cd\u017c\u0105 ju\u017c\u00a0na tyle\u00a0dobrze, \u017ce do\u0142\u0105czaj\u0105 do najlepszych na slalom. Post\u0119py gwarantowane!<\/p>\n<p>&#8211;\u00a0Dzieci przyje\u017cd\u017caj\u0105 wraz z rodzicami lub dziadkami, mieszkaj\u0105 z nimi w\u00a0pokoju i poza zaj\u0119ciami narciarskimi i niekt\u00f3rymi popo\u0142udniowymi\u00a0rozrywkami, pozostaj\u0105 pod ich opiek\u0105. Jest to\u00a0idealne przej\u015bcie mi\u0119dzy wyjazdem z\u00a0rodzicami, a samodzielnym wyjazdem sportowym.<\/p>\n<p>&#8211;\u00a0Dzieci i rodzice bior\u0105 udzia\u0142 w szkoleniu narciarskim (ci drudzy mog\u0105,\u00a0nie musz\u0105), kt\u00f3re trwa oko\u0142o 4,5 h dziennie do obiadu. Rodzice i dzieci\u00a0je\u017cd\u017c\u0105 w osobnych grupach z osobnymi instruktorami, grupy dobrane si\u0119\u00a0poziomem\u00a0zaawansowania. Po obiedzie rodzice i dzieci s\u0105 ju\u017c razem, z\u00a0wyj\u0105tkiem zaj\u0119\u0107 popo\u0142udniowych, kt\u00f3re s\u0105 dedykowane dzieciom i rodzicom\u00a0osobno i trwaj\u0105 oko\u0142o 1,5 h. Niekt\u00f3re zaj\u0119cia popo\u0142udniowe s\u0105 wsp\u00f3lne,\u00a0np. wyj\u015bcie do\u00a0Termy Bukowina, kulig, ognisko, wyj\u015bcie do teatru\u00a0g\u00f3ralskiego.<\/p>\n<p>&#8211; Na koniec wyjazdu organizujemy\u00a0zawody narciarskie z nagrodami!<\/p>\n<p><strong>Podczas URWISKOWYCH oboz\u00f3w zapewniamy:<\/strong><\/p>\n<div align=\"justify\">\n<p>\u2022\u00a0\u00a0 \u00a0profesjonalne szkolenie narciarskie dla dzieci i doros\u0142ych,<br \/>\n\u2022\u00a0\u00a0 \u00a0ma\u0142e grupy szkoleniowe dopasowane poziomem do umiej\u0119tno\u015bci uczestnik\u00f3w,<br \/>\n\u2022\u00a0\u00a0 \u00a0elementy sportowej rywalizacji,<br \/>\n\u2022\u00a0\u00a0 \u00a0jazd\u0119 na najlepszych podhala\u0144skich stokach: Rusi\u0144-SKI, Jurg\u00f3wSKI, Kotelnica Bia\u0142cza\u0144ska, Czarna G\u00f3ra, Koziniec i inne. Dla narciarzy zaawansowanych organizujemy zaj\u0119cia na Kasprowym Wierchu,<br \/>\n\u2022\u00a0\u00a0\u00a0 atrakcyjne i urozmaicone rodzinne zaj\u0119cia popo\u0142udniowe takie jak: kulig, ognisko, wycieczka do Term Bukovina i wiele innych atrakcji,<br \/>\n\u2022\u00a0\u00a0 \u00a0edukacj\u0119 najm\u0142odszych z zakresu wiedzy o g\u00f3rach, narciarstwie, kulturze i przyrodzie Podhala,<br \/>\n\u2022\u00a0\u00a0 \u00a0kameraln\u0105 i rodzinn\u0105 atmosfer\u0119,<br \/>\n\u2022\u00a0\u00a0 \u00a0OGROMNE NARCIARSKIE POST\u0118PY!<\/p>\n<\/div>\n<\/td>\n<\/tr>\n<\/tbody>\n<\/table>\n<p>[\/vc_column_text][\/vc_column][\/vc_row]<\/p>\n<\/div>","protected":false},"excerpt":{"rendered":"<p>[vc_row][vc_column width=&#8221;1\/1&#8243;][rev_slider_vc alias=&#8221;urwiski&#8221;][vc_column_text] WTS DeSki to warszawski klub sportowy, kt\u00f3ry jako pierwszy stworzy\u0142 formu\u0142\u0119 przedszkola narciarskiego. Ju\u017c na pocz\u0105tku istnienia DeSek, przesz\u0142o 25 lat temu, instruktorzy-za\u0142o\u017cyciele zauwa\u017cyli potrzeb\u0119 istnienia oboz\u00f3w narciarskich umo\u017cliwiaj\u0105cych wsp\u00f3lne szkolenie dla rodzic\u00f3w i dzieci. Rodzinne wyjazdy w polskie g\u00f3ry od lat ciesz\u0105 si\u0119 niegasn\u0105cym zainteresowaniem i co roku wprowadzaj\u0105 w \u015bwiat narciarstwa kolejne pokolenia ma\u0142ych narciarzy. Opieraj\u0105c si\u0119 na tradycji klubu oraz podejmuj\u0105c wyzwania nowoczesno\u015bci, DeSki powo\u0142a\u0142y do \u017cycia UrwiSki &#8211; sekcj\u0119 narciarsk\u0105 dla dzieci od 4. roku \u017cycia. Jaka jest UrwiSkowa misja? Pragniemy podzieli\u0107 si\u0119 z najm\u0142odszymi wsp\u00f3ln\u0105 pasj\u0105 do narciarstwa oraz zafascynowa\u0107 ich pi\u0119knem zimy i g\u00f3rskiej natury. Zale\u017cy nam na tym, aby dzieci z\u0142apa\u0142y bakcyla, by\u0142y dumne z w\u0142asnej samodzielno\u015bci oraz post\u0119p\u00f3w na stoku. Gwarantujemy \u015bwietn\u0105 zabaw\u0119 w gronie rodziny i r\u00f3wie\u015bnik\u00f3w. [\/vc_column_text][\/vc_column][\/vc_row][vc_row][vc_column width=&#8221;1\/3&#8243;][\/vc_column][vc_column width=&#8221;1\/3&#8243;][\/vc_column][vc_column width=&#8221;1\/3&#8243;][\/vc_column][\/vc_row][vc_row][vc_column width=&#8221;1\/1&#8243;][\/vc_column][\/vc_row][vc_row][vc_column width=&#8221;1\/3&#8243;][\/vc_column][vc_column width=&#8221;1\/3&#8243;][\/vc_column][vc_column width=&#8221;1\/3&#8243;][\/vc_column][\/vc_row][vc_row][vc_column width=&#8221;1\/1&#8243;][\/vc_column][\/vc_row][vc_row][vc_column width=&#8221;1\/1&#8243;][vc_column_text] NA CZYM POLEGA PRZEDSZKOLE NARCIARSKIE: &#8211; Jest to\u00a0formu\u0142a wyjazdu narciarskiego dedykowana maluchom w wieku 4 \u2013 oko\u0142o 7\/ 8 lat.\u00a0Najcz\u0119\u015bciej oznacza to r\u00f3wnie\u017c, \u017ce dzieci te nigdy wcze\u015bniej nie je\u017adzi\u0142y jeszcze na nartach lub s\u0105 pocz\u0105tkuj\u0105ce. *Prosz\u0119\u00a0si\u0119 nie martwi\u0107, je\u015bli Pa\u0144stwa dziecko ju\u017c je\u017adzi \u2013 b\u0119dzie mia\u0142o dla\u00a0siebie grup\u0119. Co roku przyje\u017cd\u017caj\u0105 dzieci, kt\u00f3re maj\u0105 oko\u0142o 5\/6 lat, ale\u00a0je\u017cd\u017c\u0105 ju\u017c ca\u0142kiem [&hellip;]<\/p>\n","protected":false},"author":6,"featured_media":0,"parent":0,"menu_order":0,"comment_status":"closed","ping_status":"closed","template":"","meta":{"_acf_changed":false,"_mo_disable_npp":"","_vp_format_video_url":"","_vp_image_focal_point":[],"footnotes":""},"class_list":["post-7950","page","type-page","status-publish","hentry"],"acf":[],"aioseo_notices":[],"_links":{"self":[{"href":"https:\/\/deski.org\/en\/wp-json\/wp\/v2\/pages\/7950","targetHints":{"allow":["GET"]}}],"collection":[{"href":"https:\/\/deski.org\/en\/wp-json\/wp\/v2\/pages"}],"about":[{"href":"https:\/\/deski.org\/en\/wp-json\/wp\/v2\/types\/page"}],"author":[{"embeddable":true,"href":"https:\/\/deski.org\/en\/wp-json\/wp\/v2\/users\/6"}],"replies":[{"embeddable":true,"href":"https:\/\/deski.org\/en\/wp-json\/wp\/v2\/comments?post=7950"}],"version-history":[{"count":1,"href":"https:\/\/deski.org\/en\/wp-json\/wp\/v2\/pages\/7950\/revisions"}],"predecessor-version":[{"id":7951,"href":"https:\/\/deski.org\/en\/wp-json\/wp\/v2\/pages\/7950\/revisions\/7951"}],"wp:attachment":[{"href":"https:\/\/deski.org\/en\/wp-json\/wp\/v2\/media?parent=7950"}],"curies":[{"name":"wp","href":"https:\/\/api.w.org\/{rel}","templated":true}]}}