{"id":17391,"date":"2020-03-11T18:03:56","date_gmt":"2020-03-11T18:03:56","guid":{"rendered":"https:\/\/deski.org\/portfolio\/wazne-informacje\/"},"modified":"2020-03-11T18:03:56","modified_gmt":"2020-03-11T18:03:56","slug":"wazne-informacje","status":"publish","type":"portfolio","link":"https:\/\/deski.org\/en\/portfolio\/wazne-informacje\/","title":{"rendered":"Wa\u017cne informacje!"},"content":{"rendered":"<p>Szanowni Pa\u0144stwo,<\/p>\n<p>w dniu dzisiejszym, w zwi\u0105zku z decyzjami Rz\u0105du RP, Zarz\u0105d WTS DeSki podj\u0105\u0142 decyzj\u0119 o:<\/p>\n<p>1. Odwo\u0142aniu wszystkich zaj\u0119\u0107 grupowych (tenis, treningi narciarskie, squash) we wszystkich kategoriach wiekowych (dzieci i doro\u015bli) od dnia 16 marca 2020 r.<span class=\"text_exposed_show\"><br \/>\n2. Odwo\u0142aniu NPM 2020, kt\u00f3ry mia\u0142 zosta\u0107 rozegrany w dniach 20 \u2013 22 marca 2020 r. w Zakopanem.<br \/>\n3. Odwo\u0142aniu organizowanej przez nas w dniach 14 \u2013 15 marca 2020 r. w Czarnej G\u00f3rze eliminacji MPP 2020.<\/span><\/p>\n<div class=\"text_exposed_show\">\n<p>Do soboty, 14 marca 2020 r. zapewniamy opiek\u0119 podczas zaj\u0119\u0107 szk\u00f3\u0142ek tenisowych i narciarskich dla tych dzieci, kt\u00f3re jednak zostan\u0105 przyprowadzone na zaj\u0119cia, jednak\u017ce rekomendujemy Pa\u0144stwu \u017ceby pociechy pozosta\u0142y w domach ju\u017c od dzisiaj. Odwo\u0142anie zaj\u0119\u0107 obowi\u0105zuje do dnia 29 marca 2020 r. Dalsze decyzje dotycz\u0105ce ewentualnego przed\u0142u\u017cenia tego terminu b\u0119dziemy podejmowa\u0107 na bie\u017c\u0105co bior\u0105c pod uwag\u0119 rekomendacj\u0119 odpowiednich w\u0142adz. Jednocze\u015bnie informujemy, \u017ce klub i jego korty pozostaj\u0105 otwarte dla indywidualnych klient\u00f3w. Pracuje r\u00f3wnie\u017c normalnie biuro klubu. Wszystkie pomieszczenia klubowe zosta\u0142y oplakatowane informacjami dotycz\u0105cymi zasad zachowania si\u0119 w sytuacji zagro\u017cenia zaka\u017ceniem przez koronawirusa oraz zachowania odpowiedniej higieny osobistej. Op\u0142aty za marzec b\u0119d\u0105 wynosi\u0142y 50% normalnej op\u0142aty. W przypadku op\u0142acenia pe\u0142nej kwoty \u015brodki zostan\u0105 przeksi\u0119gowane na kolejny okres rozliczeniowy.<\/p>\n<p>B\u0119dziemy Pa\u0144stwa informowa\u0107 na bie\u017c\u0105co o naszych dalszych decyzjach Zarz\u0105du WTS DeSki.<\/p>\n<p>Trzymajcie si\u0119 prosz\u0119 przede wszystkim zdrowo !!!<\/p>\n<p>Piotr Szkie\u0142kowski<br \/>\nPrezes WTS DeSki<\/p>\n<\/div>\n","protected":false},"excerpt":{"rendered":"<p>Szanowni Pa\u0144stwo, w dniu dzisiejszym, w zwi\u0105zku z decyzjami Rz\u0105du RP, Zarz\u0105d WTS DeSki podj\u0105\u0142 decyzj\u0119 o: 1. Odwo\u0142aniu wszystkich zaj\u0119\u0107 grupowych (tenis, treningi narciarskie, squash) we wszystkich kategoriach wiekowych (dzieci i doro\u015bli) od dnia 16 marca 2020 r. 2. Odwo\u0142aniu NPM 2020, kt\u00f3ry mia\u0142 zosta\u0107 rozegrany w dniach 20 \u2013 22 marca 2020 r. w Zakopanem. 3. Odwo\u0142aniu organizowanej przez nas w dniach 14 \u2013 15 marca 2020 r. w Czarnej G\u00f3rze eliminacji MPP 2020. Do soboty, 14 marca 2020 r. zapewniamy opiek\u0119 podczas zaj\u0119\u0107 szk\u00f3\u0142ek tenisowych i narciarskich dla tych dzieci, kt\u00f3re jednak zostan\u0105 przyprowadzone na zaj\u0119cia, jednak\u017ce rekomendujemy Pa\u0144stwu \u017ceby pociechy pozosta\u0142y w domach ju\u017c od dzisiaj. Odwo\u0142anie zaj\u0119\u0107 obowi\u0105zuje do dnia 29 marca 2020 r. Dalsze decyzje dotycz\u0105ce ewentualnego przed\u0142u\u017cenia tego terminu b\u0119dziemy podejmowa\u0107 na bie\u017c\u0105co bior\u0105c pod uwag\u0119 rekomendacj\u0119 odpowiednich w\u0142adz. Jednocze\u015bnie informujemy, \u017ce klub i jego korty pozostaj\u0105 otwarte dla indywidualnych klient\u00f3w. Pracuje r\u00f3wnie\u017c normalnie biuro klubu. Wszystkie pomieszczenia klubowe zosta\u0142y oplakatowane informacjami dotycz\u0105cymi zasad zachowania si\u0119 w sytuacji zagro\u017cenia zaka\u017ceniem przez koronawirusa oraz zachowania odpowiedniej higieny osobistej. Op\u0142aty za marzec b\u0119d\u0105 wynosi\u0142y 50% normalnej op\u0142aty. W przypadku op\u0142acenia pe\u0142nej kwoty \u015brodki zostan\u0105 przeksi\u0119gowane na kolejny okres rozliczeniowy. B\u0119dziemy Pa\u0144stwa informowa\u0107 na bie\u017c\u0105co o [&hellip;]<\/p>\n","protected":false},"author":6,"featured_media":10707,"menu_order":0,"comment_status":"closed","ping_status":"closed","template":"","format":"standard","meta":{"_acf_changed":false,"_mo_disable_npp":"","_vp_format_video_url":"","_vp_image_focal_point":[],"footnotes":""},"portfolio_category":[],"portfolio_tag":[],"class_list":["post-17391","portfolio","type-portfolio","status-publish","format-standard","has-post-thumbnail","hentry","portfolio_filter-klubowe-en","portfolio_filter-narciarskie-en","portfolio_filter-snowboardowe-en","portfolio_filter-tenisowe-en","portfolio_filter-treningowe-en","portfolio_filter-windkitesurfingowe-en"],"acf":[],"aioseo_notices":[],"_links":{"self":[{"href":"https:\/\/deski.org\/en\/wp-json\/wp\/v2\/portfolio\/17391","targetHints":{"allow":["GET"]}}],"collection":[{"href":"https:\/\/deski.org\/en\/wp-json\/wp\/v2\/portfolio"}],"about":[{"href":"https:\/\/deski.org\/en\/wp-json\/wp\/v2\/types\/portfolio"}],"author":[{"embeddable":true,"href":"https:\/\/deski.org\/en\/wp-json\/wp\/v2\/users\/6"}],"replies":[{"embeddable":true,"href":"https:\/\/deski.org\/en\/wp-json\/wp\/v2\/comments?post=17391"}],"version-history":[{"count":0,"href":"https:\/\/deski.org\/en\/wp-json\/wp\/v2\/portfolio\/17391\/revisions"}],"wp:featuredmedia":[{"embeddable":true,"href":"https:\/\/deski.org\/en\/wp-json\/wp\/v2\/media\/10707"}],"wp:attachment":[{"href":"https:\/\/deski.org\/en\/wp-json\/wp\/v2\/media?parent=17391"}],"wp:term":[{"taxonomy":"portfolio_category","embeddable":true,"href":"https:\/\/deski.org\/en\/wp-json\/wp\/v2\/portfolio_category?post=17391"},{"taxonomy":"portfolio_tag","embeddable":true,"href":"https:\/\/deski.org\/en\/wp-json\/wp\/v2\/portfolio_tag?post=17391"}],"curies":[{"name":"wp","href":"https:\/\/api.w.org\/{rel}","templated":true}]}}