{"id":22564,"date":"2024-09-04T13:41:21","date_gmt":"2024-09-04T13:41:21","guid":{"rendered":"https:\/\/deski.org\/oboz-urwiski-kurant-5\/"},"modified":"2025-01-01T12:24:57","modified_gmt":"2025-01-01T12:24:57","slug":"oboz-urwiski-kurant-5","status":"publish","type":"wyjazdy","link":"https:\/\/deski.org\/en\/oboz-urwiski-kurant-5\/","title":{"rendered":"ob\u00f3z Urwiski Kurant #5"},"content":{"rendered":"<div class=\"wpb-content-wrapper\"><p>[vc_row][vc_column width=&#8221;1\/1&#8243;]<div class=\"spacer\" style=\"height: 20px;\"><\/div>[\/vc_column][\/vc_row][vc_row bg_color=&#8221;#f9f9f9&#8243;][vc_column width=&#8221;1\/1&#8243;][vc_tta_tabs style=&#8221;modern&#8221; color=&#8221;white&#8221; spacing=&#8221;10&#8243; active_section=&#8221;1&#8243; no_fill_content_area=&#8221;true&#8221;][vc_tta_section title=&#8221;Informacje&#8221; tab_id=&#8221;informacje&#8221;]<div class=\"iconbox  wpb_content_element iconbox-style-1 icon-color-accent color-dark animation-none\"><h3><i class=\"fa fa-arrow-right boxicon\" style=\"\"><\/i><span><\/span><\/h3><p>Przedszkole narciarskie Urwiski to wyjazdy dedykowane przedszkolakom, czyli dzieciom w wieku 4 \u2013 7 lat oraz ich rodzicom.<\/p><\/div><div class=\"iconbox  wpb_content_element iconbox-style-1 icon-color-accent color-dark animation-none\"><h3><i class=\"fa fa-arrow-right boxicon\" style=\"\"><\/i><span><\/span><\/h3><p><span style=\"font-weight: 400;\">Na tych wyjazdach skupiamy si\u0119 przede wszystkim na tym, \u017ceby zaszczepi\u0107 w dzieciach mi\u0142o\u015b\u0107 do nart i g\u00f3r oraz zagwarantowa\u0107 ca\u0142ym rodzinom sp\u0119dzenie wyjazdu razem w sportowej, kameralnej i rodzinnej atmosferze.\u00a0<\/span><\/p><\/div><div class=\"iconbox  wpb_content_element iconbox-style-1 icon-color-accent color-dark animation-none\"><h3><i class=\"fa fa-arrow-right boxicon\" style=\"\"><\/i><span><\/span><\/h3><p><span style=\"font-weight: 400;\">Podczas przedszkoli prowadzimy szkolenie narciarskie dla dzieci i doros\u0142ych na ka\u017cdym poziomie zaawansowania. W przypadku szkolenia dla dzieci prowadzimy zar\u00f3wno grupy &#8220;super wymiataczy&#8221;, czyli dzieciak\u00f3w, kt\u00f3re samodzielnie je\u017cd\u017c\u0105 na nartach, bez problemu radz\u0105 sobie na torach przeszk\u00f3d i slalomach, walcz\u0105c ju\u017c o najlepszy czas przejazdu, jak i grupy kompletnie od zera lub pocz\u0105tkuj\u0105ce, kt\u00f3re zazwyczaj ju\u017c po 3 dniach potrafi\u0105 samodzielnie zjecha\u0107 po torze przeszk\u00f3d. Analogicznie prowadzimy szkolenia dla doros\u0142ych, posiadamy najbardziej zaawansowan\u0105 grup\u0119 &#8220;sport&#8221;, w kt\u00f3rej prowadzimy szkolenie na tyczkach z elementami techniki oraz grupy \u015brednio zaawansowane i pocz\u0105tkuj\u0105ce, kt\u00f3re uczymy poprawnej jazdy na nartach, rozwijaj\u0105c pojedyncze elementy techniczne dostosowane do poziomu grupy. W naszych szkoleniach stawiamy przede wszystkim na jako\u015b\u0107, dobr\u0105 zabaw\u0119, ale r\u00f3wnie\u017c sportow\u0105 rywalizacj\u0119 i dzi\u0119ki temu gwarantujemy ogromne narciarskie post\u0119py!<\/span><\/p><\/div><div class=\"iconbox  wpb_content_element iconbox-style-1 icon-color-accent color-dark animation-none\"><h3><i class=\"fa fa-arrow-right boxicon\" style=\"\"><\/i><span><\/span><\/h3><p><span style=\"font-weight: 400;\">Na koniec ka\u017cdego turnusu organizujemy rodzinne zawody narciarskie z nagrodami!!<\/span><\/p><\/div><div class=\"iconbox  wpb_content_element iconbox-style-1 icon-color-accent color-dark animation-none\"><h3><i class=\"fa fa-arrow-right boxicon\" style=\"\"><\/i><span><\/span><\/h3><p><span style=\"font-weight: 400;\">Opr\u00f3cz szkolenia na nartach, prowadzimy te\u017c rozmaite zaj\u0119cia popo\u0142udniowe, m.in. kulig w Dolinie Chocho\u0142owskiej po\u0142\u0105czony z ogniskiem, wyj\u015bcie na jab\u0142uszka, sportowe zaj\u0119cia na sali gimnastycznej, gr\u0119 terenow\u0105, zaj\u0119cia artystyczne i wiele wiele innych.<\/span><\/p><\/div><div class=\"iconbox  wpb_content_element iconbox-style-1 icon-color-accent color-dark animation-none\"><h3><i class=\"fa fa-arrow-right boxicon\" style=\"\"><\/i><span><\/span><\/h3><p><span style=\"font-weight: 400;\">Nasze zaj\u0119cia opieramy na \u201cIndeksach Urwiska\u201d, kt\u00f3re ka\u017cde dziecko otrzymuje na pocz\u0105tku wyjazdu. Dzi\u0119ki nim monitoruje swoje post\u0119py, poniewa\u017c codziennie po wszystkich zaj\u0119ciach zaznaczamy w indeksach wszystkie nowo-zdobyte umiej\u0119tno\u015bci narciarskie i sportowo-artystyczne. Te indeksy towarzysz\u0105 naszym Urwiskom przez ca\u0142\u0105 przygod\u0119 Urwiskow\u0105 (czyli a\u017c do 7 roku \u017cycia) i s\u0105 \u015bwietn\u0105 motywacj\u0105 do zdobywania co roku nowych do\u015bwiadcze\u0144!<\/span><\/p><\/div><div class=\"iconbox  wpb_content_element iconbox-style-1 icon-color-accent color-dark animation-none\"><h3><i class=\"fa fa-arrow-right boxicon\" style=\"\"><\/i><span><\/span><\/h3><p><span style=\"font-weight: 400;\">System przedszkoli narciarskich jest \u015bwietnym pocz\u0105tkiem nauki narciarskiej samodzielno\u015bci i organizacji. Dzi\u0119ki nim, dzieci du\u017co ch\u0119tniej i szybciej s\u0105 w stanie zacz\u0105\u0107 swoj\u0105 przygod\u0119 ze sportowymi wyjazdami samodzielnymi, szczeg\u00f3lnie jak ju\u017c od najm\u0142odszych lat poznaj\u0105 ekip\u0119, z kt\u00f3ra na taki wyjazd pojad\u0105. \ud83d\ude42<\/span><\/p><\/div>[\/vc_tta_section][vc_tta_section title=&#8221;Plan dnia&#8221; tab_id=&#8221;program&#8221;][vc_row_inner][vc_column_inner width=&#8221;2\/3&#8243;][vc_column_text]<u>Pierwszy dzie\u0144:<\/u><br \/>\nPrzyjazd na miejsce zaplanowany jest na godziny popo\u0142udniowe. Tego dnia po kolacji (ok. godz. 19.00) odbywa si\u0119 spotkanie ze wszystkimi uczestnikami wyjazdu, na kt\u00f3rym przedstawione zostan\u0105 wszystkie szczeg\u00f3\u0142y, dotycz\u0105ce organizacji, szkolenia, itd.<\/p>\n<p><u>Ostatni dzie\u0144:<\/u><br \/>\nWyjazd ko\u0144czy si\u0119 \u015bniadaniem. Po nim jest wykwaterowanie i powr\u00f3t domu.<\/p>\n<p><u>Ka\u017cdy pozosta\u0142y dzie\u0144:<\/u><br \/>\n8:00 \u015bniadanie<br \/>\n8:50 zbi\u00f3rka w pe\u0142nym narciarskim stroju na narty i pakowanie si\u0119 do busa<br \/>\n9:00 odjazd busa<br \/>\n9:30 &#8211; 13:30 zaj\u0119cia na stoku (w mi\u0119dzyczasie robimy kr\u00f3tk\u0105 przerw\u0119 na kanapki i ciep\u0142\u0105 herbatk\u0119 lub gor\u0105c\u0105 czekolad\u0119)<br \/>\n14:00 powr\u00f3t busa<br \/>\n14:30 obiad<br \/>\n15:00 &#8211; 16:00 sjesta poobiednia z rodzicami<br \/>\n16:00 &#8211; 17:30 zaj\u0119cia popo\u0142udniowe<br \/>\n18:00 kolacja[\/vc_column_text][\/vc_column_inner][vc_column_inner width=&#8221;1\/3&#8243; offset=&#8221;vc_hidden-xs&#8221;]<div class=\"single_image wpb_content_element align-left    \" data-animation=\"none\" data-delay=\"0\"><img loading=\"lazy\" decoding=\"async\" width=\"464\" height=\"515\" src=\"https:\/\/deski.org\/wp-content\/uploads\/2021\/11\/urwiski-logo-1.png\" class=\"attachment-full\" alt=\"urwiski narty\" title=\"urwiski logo (1)\" srcset=\"https:\/\/deski.org\/wp-content\/uploads\/2021\/11\/urwiski-logo-1.png 464w, https:\/\/deski.org\/wp-content\/uploads\/2021\/11\/urwiski-logo-1-270x300.png 270w, https:\/\/deski.org\/wp-content\/uploads\/2021\/11\/urwiski-logo-1-22x24.png 22w, https:\/\/deski.org\/wp-content\/uploads\/2021\/11\/urwiski-logo-1-32x36.png 32w, https:\/\/deski.org\/wp-content\/uploads\/2021\/11\/urwiski-logo-1-43x48.png 43w\" sizes=\"auto, (max-width: 464px) 100vw, 464px\" \/><\/div>[\/vc_column_inner][\/vc_row_inner]<div class=\"single_image wpb_content_element align-center    \" data-animation=\"none\" data-delay=\"0\"><img loading=\"lazy\" decoding=\"async\" width=\"860\" height=\"613\" src=\"https:\/\/deski.org\/wp-content\/uploads\/2021\/11\/bez-platkow-sniegu.png\" class=\"attachment-large\" alt=\"\" title=\"bez platkow sniegu\" srcset=\"https:\/\/deski.org\/wp-content\/uploads\/2021\/11\/bez-platkow-sniegu.png 860w, https:\/\/deski.org\/wp-content\/uploads\/2021\/11\/bez-platkow-sniegu-300x214.png 300w, https:\/\/deski.org\/wp-content\/uploads\/2021\/11\/bez-platkow-sniegu-24x17.png 24w, https:\/\/deski.org\/wp-content\/uploads\/2021\/11\/bez-platkow-sniegu-36x26.png 36w, https:\/\/deski.org\/wp-content\/uploads\/2021\/11\/bez-platkow-sniegu-48x34.png 48w\" sizes=\"auto, (max-width: 860px) 100vw, 860px\" \/><\/div>[\/vc_tta_section][vc_tta_section title=&#8221;Szkolenie dla dzieci&#8221; tab_id=&#8221;Szkolenia-dla-dzieci&#8221;]<h3 class=\"headline font-inherit fontsize-m fontweight-700 lh-inherit align-left transform-uppercase \" style=\"margin: 0 0 30px 0; color: #00458b;\">Szkolenie narciarskie dla dzieci prowadzimy:<\/h3>[vc_column_text]<\/p>\n<ul>\n<li style=\"font-weight: 400;\" aria-level=\"1\"><span style=\"font-weight: 400;\">W ma\u0142ych grupach szkoleniowych dopasowanych poziomem do umiej\u0119tno\u015bci uczestnika (5 &#8211; 6 osobowych, w przypadku dzieci zaczynaj\u0105cych od pocz\u0105tku zazwyczaj s\u0105 to grupy 2 &#8211; 3 osobowe)<\/span><\/li>\n<li style=\"font-weight: 400;\" aria-level=\"1\"><span style=\"font-weight: 400;\">Na najwy\u017cszym poziomie! Podchodzimy bardzo indywidualnie do ka\u017cdego Urwiska, uwzgl\u0119dniaj\u0105c jego wszystkie mocniejsze i s\u0142absze strony, tak \u017ceby jak naj\u0142atwiej mu by\u0142o robi\u0107 post\u0119py w nauce. Mamy bardzo dobr\u0105 i zaufan\u0105\u00a0kadr\u0119 instruktorsk\u0105, kt\u00f3ra cz\u0119sto wywodzi si\u0119\u00a0bezpo\u015brednio z naszego klubu (przesz\u0142a ca\u0142\u0105 struktur\u0119 rozwoju narciarza &#8211; od Urwiska do instruktora).<\/span><\/li>\n<li style=\"font-weight: 400;\" aria-level=\"1\"><span style=\"font-weight: 400;\">Wykorzystuj\u0105c narciarskie pomoce edukacyjne, kt\u00f3re pomagaj\u0105\u00a0nam w sprawnym i szybkim szkoleniu dzieci, tj. mata, drabinka, fr\u0119dzelki, tyczki, itp.\u00a0<\/span><\/li>\n<li style=\"font-weight: 400;\" aria-level=\"1\"><span style=\"font-weight: 400;\">Na najlepszych Podhala\u0144skich stokach, tj. \u201cKoziniec\u201d, \u201cJurg\u00f3wSki\u201d, \u201cRusi\u0144SKI\u201d, Czarna G\u00f3ra \u201cGrapa-Ski\u201d, itp.<\/span><\/li>\n<\/ul>\n<p>[\/vc_column_text][vc_row_inner][vc_column_inner]<h3 class=\"headline font-inherit fontsize-m fontweight-700 lh-inherit align-left transform-uppercase \" style=\"margin: 0 0 30px 0; color: #00458b;\">KOSZT:<\/h3>[vc_column_text]Op\u0142ata za dziecko do 11 lat \u2013 <strong>4 400 z\u0142<\/strong>[\/vc_column_text]<div class=\"iconbox price-box wpb_content_element iconbox-style-1 icon-color-accent color-dark animation-none\"><h3><img src='https:\/\/deski.org\/wp-content\/uploads\/2017\/09\/card-tick-svgrepo-com.svg' class='iconimg' alt='Cena zawiera:' \/><span>Cena zawiera:<\/span><\/h3><p>\n<ul>\n<li>zakwaterowanie w Willa Kurant<\/li>\n<li>wy\u017cywienie: trzy posi\u0142ki dziennie,<\/li>\n<li>karnet narciarski (6 dni),<\/li>\n<li>opiek\u0119 i szkolenie (trenerzy i instruktorzy WTS DeSki),<\/li>\n<li>ubezpieczenie.<\/li>\n<\/ul>\n<\/p><\/div><div class=\"iconbox price-box wpb_content_element iconbox-style-1 icon-color-accent color-dark animation-none\"><h3><img src='https:\/\/deski.org\/wp-content\/uploads\/2017\/09\/card-remove-svgrepo-com.svg' class='iconimg' alt='Cena nie zawiera:' \/><span>Cena nie zawiera:<\/span><\/h3><p>\n<ul>\n<li>sprz\u0119tu (sprz\u0119t narciarski mo\u017cna wypo\u017cyczy\u0107 w wypo\u017cyczalni pod Nosalem, tylko narciarski w Wolftrail, ko\u0142o BP),<\/li>\n<li>posi\u0142ku na stoku,<\/li>\n<li>dojazdu.<\/li>\n<\/ul>\n<\/p><\/div>[\/vc_column_inner][\/vc_row_inner][\/vc_tta_section][vc_tta_section title=&#8221;Szkolenie dla doros\u0142ych&#8221; tab_id=&#8221;szkolenie-dla-doros\u0142ych&#8221;]<h3 class=\"headline font-inherit fontsize-m fontweight-700 lh-inherit align-left transform-uppercase \" style=\"margin: 0 0 30px 0; color: #00458b;\">Szkolenie narciarskie dla doros\u0142ych prowadzimy:<\/h3>[vc_column_text]<\/p>\n<ul>\n<li aria-level=\"1\">W ma\u0142ych grupach szkoleniowych (od 3 do 6 os\u00f3b) dopasowanych poziomem do umiej\u0119tno\u015bci uczestnika.<\/li>\n<li aria-level=\"1\">Przez 5 dni w tygodniu (od poniedzia\u0142ku do pi\u0105tku) po 2h dziennie.<\/li>\n<li aria-level=\"1\">Na najwy\u017cszym poziomie! Podchodzimy bardzo indywidualnie do ka\u017cdego kursanta, uwzgl\u0119dniaj\u0105c jego wszystkie potrzeby i mo\u017cliwo\u015bci, tak \u017ceby jak naj\u0142atwiej mu by\u0142o robi\u0107 post\u0119py w nauce. Mamy bardzo dobr\u0105 i zaufan\u0105 kadr\u0119 instruktorsk\u0105, kt\u00f3ra cz\u0119sto wywodzi si\u0119 bezpo\u015brednio z naszego klubu (przesz\u0142a ca\u0142\u0105 struktur\u0119 rozwoju narciarza \u2013 od Urwiska do instruktora).<\/li>\n<li aria-level=\"1\">W przypadku grup sportowych prowadzimy treningi na tyczkach.<\/li>\n<li aria-level=\"1\">Uzupe\u0142niamy zaj\u0119cia na nartach o videoanaliz\u0119, kt\u00f3ra pozwala na lepsze zrozumienie i zauwa\u017cenie swoich b\u0142\u0119d\u00f3w, a tym samym jeszcze skuteczniejsz\u0105 nauk\u0119.<\/li>\n<li aria-level=\"1\">Na najlepszych Podhala\u0144skich stokach, tj. \u201cJurg\u00f3wSki\u201d, \u201cSuche SKI\u201d, Czarna G\u00f3ra \u201cGrapa-Ski\u201d, itp.<\/li>\n<li style=\"font-weight: 400;\" aria-level=\"1\"><\/li>\n<\/ul>\n<p>[\/vc_column_text][\/vc_tta_section][vc_tta_section title=&#8221;Zaj\u0119cia popo\u0142udniowe&#8221; tab_id=&#8221;zajecia-popoludniowe&#8221;][vc_column_text]<span style=\"font-weight: 400;\">Popo\u0142udniami po nartach na naszych przedszkolach odbywaj\u0105 si\u0119 zaj\u0119cia popo\u0142udniowe zar\u00f3wno dla dzieci jak i dla doros\u0142ych.\u00a0<\/span><\/p>\n<p><span style=\"font-weight: 400;\">Podczas nich edukujemy najm\u0142odszych z zakresu wiedzy o g\u00f3rach, narciarstwie, kulturze i przyrodzie Podhala, sp\u0119dzamy sporo czasu na \u015bwie\u017cym powietrzu prowadz\u0105c sportowe zaj\u0119cia na \u015bniegu, ale r\u00f3wnie\u017c rozwijamy ich artystyczne zdolno\u015bci podczas tw\u00f3rczych zaj\u0119\u0107 w Kurancie.\u00a0<\/span><\/p>\n<p><span style=\"font-weight: 400;\">Zaj\u0119cia, kt\u00f3rych mo\u017cecie spodziewa\u0107 si\u0119 na ka\u017cdym przedszkolu to m.in.: kulig i budowanie iglo podczas ogniska w Dolinie Chocho\u0142owskiej, gra terenowa, wyprawa na jab\u0142uszka, robienie narciarskich poczt\u00f3wek i wiele innych.\u00a0<\/span>[\/vc_column_text][\/vc_tta_section][vc_tta_section title=&#8221;Zakwaterowanie&#8221; tab_id=&#8221;zakwaterowanie&#8221;]<div class=\"minti_boxedholder   clearfix\" style=\"padding: 30px; margin: 0px 0px 0px 0px; background-color: #f7f7f7; \">[vc_row_inner][vc_column_inner]<h3 class=\"headline font-inherit fontsize-m fontweight-700 lh-inherit align-left transform-uppercase \" style=\"margin: 0 0 30px 0; color: #00458b;\">Willa Kurant w Zakopanem<\/h3>[vc_column_text]Przedszkola organizujemy w <strong>Willi Kurant<\/strong>, kt\u00f3rej w\u0142a\u015bcicielka &#8211; Pani Janeczka, go\u015bci nas od ponad 20 lat. Ca\u0142a Willa jest zrobiona w duchu bardzo podhala\u0144skim, jedzenie jest przepyszne i robione w\u0142asnor\u0119cznie przez Panie, kt\u00f3re te\u017c tam ju\u017c troch\u0119 przepracowa\u0142y\u2026\u00a0 My si\u0119 tam czujemy lepiej ni\u017c u mamy! Pani Janeczka zawsze staje na wysoko\u015bci zadania, organizuj\u0105c nam niesamowite kuligi do swojej chatki w Dolinie Chocho\u0142owskiej.<\/p>\n<p>\u201cKurant\u201d ma \u015bwietn\u0105 lokalizacj\u0119. W 30 min. mo\u017cna spokojnie doj\u015b\u0107 na piechot\u0119 do Ku\u017anic, gdzie zaczynaj\u0105 si\u0119 wszystkie piesze i skiturowe szlaki oraz znajduje si\u0119 kolejka na Kasprowy Wierch. Bardzo blisko mamy te\u017c do fajnej sali gimnastyczno-sportowej, w kt\u00f3rej prowadzimy zaj\u0119cia oraz do najlepszej g\u00f3rki do zje\u017cd\u017cania na Jab\u0142uszkach na ca\u0142ym Podhalu!<br \/>\nDodatkowo w Kurancie jest sauna oraz balia, na kt\u00f3r\u0105 mo\u017cna si\u0119 um\u00f3wi\u0107, \u017ceby troch\u0119 si\u0119 zrelaksowa\u0107 po ci\u0119\u017ckim dniu na nartach. W budynku znajduj\u0119 si\u0119 r\u00f3wnie\u017c \u201cSala kominkowa\u201d, w kt\u00f3rej prowadzimy zaj\u0119cia artystyczne, a rodzice cz\u0119sto spotykaj\u0105 si\u0119 w niej na wieczorn\u0105 integracj\u0119 i plansz\u00f3wki.<\/p>\n<p>Pokoje s\u0105 2, 3, 4, a nawet 5 osobowe, tak\u017ce ka\u017cdy napewno znajdzie co\u015b dla siebie. Ka\u017cdy pok\u00f3j ma prywatn\u0105 \u0142azienk\u0119 oraz jest wyposa\u017cony w \u015bwie\u017ce r\u0119czniki oraz podstawowy pakiet do zrobienia\u00a0 herbaty czyli czajnik i kubeczki.[\/vc_column_text]<div class=\"spacer\" style=\"height: 20px;\"><\/div>[\/vc_column_inner][\/vc_row_inner]<div class=\"gallery-style-2\">\n\t\t<style type=\"text\/css\">\n\t\t\t#gallery-1 {\n\t\t\t\tmargin: auto;\n\t\t\t}\n\t\t\t#gallery-1 .gallery-item {\n\t\t\t\tfloat: left;\n\t\t\t\tmargin-top: 10px;\n\t\t\t\ttext-align: center;\n\t\t\t\twidth: 25%;\n\t\t\t}\n\t\t\t#gallery-1 img {\n\t\t\t\tborder: 2px solid #cfcfcf;\n\t\t\t}\n\t\t\t#gallery-1 .gallery-caption {\n\t\t\t\tmargin-left: 0;\n\t\t\t}\n\t\t\t\/* see gallery_shortcode() in wp-includes\/media.php *\/\n\t\t<\/style>\n\t\t<div id='gallery-1' class='gallery galleryid-22564 gallery-columns-4 gallery-size-thumbnail'><dl class='gallery-item'>\n\t\t\t<dt class='gallery-icon landscape'>\n\t\t\t\t<a rel=\"prettyPhoto[pp_gal]\" href='https:\/\/deski.org\/wp-content\/uploads\/2021\/11\/willa_kurant_zakopane_pokoje_jadalnia_09.jpg'><img loading=\"lazy\" decoding=\"async\" width=\"300\" height=\"300\" src=\"https:\/\/deski.org\/wp-content\/uploads\/2021\/11\/willa_kurant_zakopane_pokoje_jadalnia_09-300x300.jpg\" class=\"attachment-thumbnail size-thumbnail\" alt=\"\" srcset=\"https:\/\/deski.org\/wp-content\/uploads\/2021\/11\/willa_kurant_zakopane_pokoje_jadalnia_09-300x300.jpg 300w, https:\/\/deski.org\/wp-content\/uploads\/2021\/11\/willa_kurant_zakopane_pokoje_jadalnia_09-80x80.jpg 80w, https:\/\/deski.org\/wp-content\/uploads\/2021\/11\/willa_kurant_zakopane_pokoje_jadalnia_09-500x500.jpg 500w\" sizes=\"auto, (max-width: 300px) 100vw, 300px\" \/><\/a>\n\t\t\t<\/dt><\/dl><dl class='gallery-item'>\n\t\t\t<dt class='gallery-icon landscape'>\n\t\t\t\t<a rel=\"prettyPhoto[pp_gal]\" href='https:\/\/deski.org\/wp-content\/uploads\/2021\/11\/willa_kurant_zakopane_pokoje_jadalnia_03.jpg'><img loading=\"lazy\" decoding=\"async\" width=\"300\" height=\"300\" src=\"https:\/\/deski.org\/wp-content\/uploads\/2021\/11\/willa_kurant_zakopane_pokoje_jadalnia_03-300x300.jpg\" class=\"attachment-thumbnail size-thumbnail\" alt=\"\" srcset=\"https:\/\/deski.org\/wp-content\/uploads\/2021\/11\/willa_kurant_zakopane_pokoje_jadalnia_03-300x300.jpg 300w, https:\/\/deski.org\/wp-content\/uploads\/2021\/11\/willa_kurant_zakopane_pokoje_jadalnia_03-80x80.jpg 80w, https:\/\/deski.org\/wp-content\/uploads\/2021\/11\/willa_kurant_zakopane_pokoje_jadalnia_03-500x500.jpg 500w\" sizes=\"auto, (max-width: 300px) 100vw, 300px\" \/><\/a>\n\t\t\t<\/dt><\/dl><dl class='gallery-item'>\n\t\t\t<dt class='gallery-icon landscape'>\n\t\t\t\t<a rel=\"prettyPhoto[pp_gal]\" href='https:\/\/deski.org\/wp-content\/uploads\/2017\/09\/Kurant1.jpg'><img loading=\"lazy\" decoding=\"async\" width=\"300\" height=\"300\" src=\"https:\/\/deski.org\/wp-content\/uploads\/2017\/09\/Kurant1-300x300.jpg\" class=\"attachment-thumbnail size-thumbnail\" alt=\"\" srcset=\"https:\/\/deski.org\/wp-content\/uploads\/2017\/09\/Kurant1-300x300.jpg 300w, https:\/\/deski.org\/wp-content\/uploads\/2017\/09\/Kurant1-80x80.jpg 80w\" sizes=\"auto, (max-width: 300px) 100vw, 300px\" \/><\/a>\n\t\t\t<\/dt><\/dl><dl class='gallery-item'>\n\t\t\t<dt class='gallery-icon landscape'>\n\t\t\t\t<a rel=\"prettyPhoto[pp_gal]\" href='https:\/\/deski.org\/wp-content\/uploads\/2017\/09\/Kurant2.jpg'><img loading=\"lazy\" decoding=\"async\" width=\"300\" height=\"300\" src=\"https:\/\/deski.org\/wp-content\/uploads\/2017\/09\/Kurant2-300x300.jpg\" class=\"attachment-thumbnail size-thumbnail\" alt=\"\" srcset=\"https:\/\/deski.org\/wp-content\/uploads\/2017\/09\/Kurant2-300x300.jpg 300w, https:\/\/deski.org\/wp-content\/uploads\/2017\/09\/Kurant2-80x80.jpg 80w\" sizes=\"auto, (max-width: 300px) 100vw, 300px\" \/><\/a>\n\t\t\t<\/dt><\/dl><br style=\"clear: both\" \/><dl class='gallery-item'>\n\t\t\t<dt class='gallery-icon landscape'>\n\t\t\t\t<a rel=\"prettyPhoto[pp_gal]\" href='https:\/\/deski.org\/wp-content\/uploads\/2017\/09\/Kurant6.jpg'><img loading=\"lazy\" decoding=\"async\" width=\"300\" height=\"300\" src=\"https:\/\/deski.org\/wp-content\/uploads\/2017\/09\/Kurant6-300x300.jpg\" class=\"attachment-thumbnail size-thumbnail\" alt=\"\" srcset=\"https:\/\/deski.org\/wp-content\/uploads\/2017\/09\/Kurant6-300x300.jpg 300w, https:\/\/deski.org\/wp-content\/uploads\/2017\/09\/Kurant6-80x80.jpg 80w\" sizes=\"auto, (max-width: 300px) 100vw, 300px\" \/><\/a>\n\t\t\t<\/dt><\/dl><dl class='gallery-item'>\n\t\t\t<dt class='gallery-icon landscape'>\n\t\t\t\t<a rel=\"prettyPhoto[pp_gal]\" href='https:\/\/deski.org\/wp-content\/uploads\/2022\/01\/3-1.jpg'><img loading=\"lazy\" decoding=\"async\" width=\"300\" height=\"300\" src=\"https:\/\/deski.org\/wp-content\/uploads\/2022\/01\/3-1-300x300.jpg\" class=\"attachment-thumbnail size-thumbnail\" alt=\"willa kurant\" srcset=\"https:\/\/deski.org\/wp-content\/uploads\/2022\/01\/3-1-300x300.jpg 300w, https:\/\/deski.org\/wp-content\/uploads\/2022\/01\/3-1-80x80.jpg 80w, https:\/\/deski.org\/wp-content\/uploads\/2022\/01\/3-1-500x500.jpg 500w\" sizes=\"auto, (max-width: 300px) 100vw, 300px\" \/><\/a>\n\t\t\t<\/dt><\/dl><dl class='gallery-item'>\n\t\t\t<dt class='gallery-icon landscape'>\n\t\t\t\t<a rel=\"prettyPhoto[pp_gal]\" href='https:\/\/deski.org\/wp-content\/uploads\/2022\/01\/1-1.jpg'><img loading=\"lazy\" decoding=\"async\" width=\"300\" height=\"300\" src=\"https:\/\/deski.org\/wp-content\/uploads\/2022\/01\/1-1-300x300.jpg\" class=\"attachment-thumbnail size-thumbnail\" alt=\"willa kurant\" srcset=\"https:\/\/deski.org\/wp-content\/uploads\/2022\/01\/1-1-300x300.jpg 300w, https:\/\/deski.org\/wp-content\/uploads\/2022\/01\/1-1-80x80.jpg 80w, https:\/\/deski.org\/wp-content\/uploads\/2022\/01\/1-1-500x500.jpg 500w\" sizes=\"auto, (max-width: 300px) 100vw, 300px\" \/><\/a>\n\t\t\t<\/dt><\/dl><dl class='gallery-item'>\n\t\t\t<dt class='gallery-icon landscape'>\n\t\t\t\t<a rel=\"prettyPhoto[pp_gal]\" href='https:\/\/deski.org\/wp-content\/uploads\/2022\/01\/willa_kurant_zakopane_pokoje_3c_02.jpg'><img loading=\"lazy\" decoding=\"async\" width=\"300\" height=\"300\" src=\"https:\/\/deski.org\/wp-content\/uploads\/2022\/01\/willa_kurant_zakopane_pokoje_3c_02-300x300.jpg\" class=\"attachment-thumbnail size-thumbnail\" alt=\"\" srcset=\"https:\/\/deski.org\/wp-content\/uploads\/2022\/01\/willa_kurant_zakopane_pokoje_3c_02-300x300.jpg 300w, https:\/\/deski.org\/wp-content\/uploads\/2022\/01\/willa_kurant_zakopane_pokoje_3c_02-80x80.jpg 80w, https:\/\/deski.org\/wp-content\/uploads\/2022\/01\/willa_kurant_zakopane_pokoje_3c_02-500x500.jpg 500w\" sizes=\"auto, (max-width: 300px) 100vw, 300px\" \/><\/a>\n\t\t\t<\/dt><\/dl><br style=\"clear: both\" \/>\n\t\t<\/div>\n<\/div><\/div>[\/vc_tta_section][vc_tta_section title=&#8221;Koszt&#8221; tab_id=&#8221;koszt&#8221;][vc_row_inner][vc_column_inner]<h3 class=\"headline font-inherit fontsize-m fontweight-700 lh-inherit align-left transform-uppercase \" style=\"margin: 0 0 30px 0; color: #00458b;\">SZKOLENIE DLA DZIECI:<\/h3>[vc_column_text]Op\u0142ata za dziecko do 11 lat \u2013 <strong>4 400 z\u0142<\/strong>[\/vc_column_text]<div class=\"iconbox price-box wpb_content_element iconbox-style-1 icon-color-accent color-dark animation-none\"><h3><img src='https:\/\/deski.org\/wp-content\/uploads\/2017\/09\/card-tick-svgrepo-com.svg' class='iconimg' alt='Cena zawiera:' \/><span>Cena zawiera:<\/span><\/h3><p>\n<ul>\n<li>zakwaterowanie w Willa Kurant<\/li>\n<li>wy\u017cywienie: trzy posi\u0142ki dziennie,<\/li>\n<li>karnet narciarski (6 dni),<\/li>\n<li>opiek\u0119 i szkolenie (trenerzy i instruktorzy WTS DeSki),<\/li>\n<li>dojazd na stok<\/li>\n<li>ubezpieczenie.<\/li>\n<\/ul>\n<\/p><\/div><div class=\"iconbox price-box wpb_content_element iconbox-style-1 icon-color-accent color-dark animation-none\"><h3><img src='https:\/\/deski.org\/wp-content\/uploads\/2017\/09\/card-remove-svgrepo-com.svg' class='iconimg' alt='Cena nie zawiera:' \/><span>Cena nie zawiera:<\/span><\/h3><p>\n<ul>\n<li>sprz\u0119tu (sprz\u0119t narciarski mo\u017cna wypo\u017cyczy\u0107 w wypo\u017cyczalni pod Nosalem, tylko narciarski w Wolftrail, ko\u0142o BP),<\/li>\n<li>posi\u0142ku na stoku,<\/li>\n<li>dojazdu na miejsce obozu (transport w\u0142asny).<\/li>\n<\/ul>\n<\/p><\/div><h3 class=\"headline font-inherit fontsize-m fontweight-700 lh-inherit align-left transform-uppercase \" style=\"margin: 0 0 30px 0; color: #00458b;\">SZKOLENIE DLA DOROS\u0141YCH:<\/h3>[vc_column_text]Op\u0142ata za osob\u0119 doros\u0142\u0105 \u2013 <strong>800 z\u0142<\/strong>[\/vc_column_text]<div class=\"iconbox price-box wpb_content_element iconbox-style-1 icon-color-accent color-dark animation-none\"><h3><img src='https:\/\/deski.org\/wp-content\/uploads\/2017\/09\/card-tick-svgrepo-com.svg' class='iconimg' alt='Cena zawiera:' \/><span>Cena zawiera:<\/span><\/h3><p>\n<ul>\n<li>5 dniowe szkolenie po 2h dziennie w 3 &#8211; 6 osobowych grupach pod okiem trener\u00f3w i instruktor\u00f3w WTS DeSki,<\/li>\n<li>ubezpieczenie.<\/li>\n<\/ul>\n<\/p><\/div><div class=\"iconbox price-box wpb_content_element iconbox-style-1 icon-color-accent color-dark animation-none\"><h3><img src='https:\/\/deski.org\/wp-content\/uploads\/2017\/09\/card-remove-svgrepo-com.svg' class='iconimg' alt='Cena nie zawiera:' \/><span>Cena nie zawiera:<\/span><\/h3><p>\n<ul>\n<li>karnetu,<\/li>\n<li>dojazdu na stok,<\/li>\n<li>sprz\u0119tu (sprz\u0119t narciarski mo\u017cna wypo\u017cyczy\u0107 w wypo\u017cyczalni pod Nosalem lub w wypo\u017cyczalni Wolftrail, ko\u0142o BP).<\/li>\n<\/ul>\n<\/p><\/div>[vc_column_text]* Aby szkolenie dla grupy doros\u0142ych si\u0119 odby\u0142o, przed wyjazdem musi by\u0107 zapisane przynajmniej 7 os\u00f3b. Z przyczyn od nas niezale\u017cnych na wyje\u017adzie mo\u017ce nie zebra\u0107 si\u0119 wystarczaj\u0105ca liczba os\u00f3b ch\u0119tnych na szkolenie, w takiej sytuacji, b\u0119dziemy informowali Pa\u0144stwa wcze\u015bniej i zaproponujemy alternatywn\u0105 opcj\u0119 zaj\u0119\u0107 indywidualnych.[\/vc_column_text][\/vc_column_inner][\/vc_row_inner][\/vc_tta_section][\/vc_tta_tabs][\/vc_column][\/vc_row][vc_row top_padding=&#8221;20&#8243;][vc_column width=&#8221;1\/1&#8243;]<div class=\"minti_boxedholder   clearfix\" style=\"padding: 30px 30px 50px 30px; margin: 0px 0px 0px 0px; border-radius: 5px; border-width: 2px; border-color: #f7f7f7; \"><h3 class=\"headline font-inherit fontsize-xl fontweight-900 lh-inherit align-center transform-uppercase \" style=\"margin: 0 0 30px 0; color: #00458b;\">Galeria<\/h3>[vc_raw_html]JTVCdmlzdWFsX3BvcnRmb2xpbyUyMGlkJTNEJTIyMTk0MTQlMjIlNUQ=[\/vc_raw_html]<\/div>[\/vc_column][\/vc_row]<\/p>\n<\/div>","protected":false},"excerpt":{"rendered":"<p>[vc_row][vc_column width=&#8221;1\/1&#8243;][\/vc_column][\/vc_row][vc_row bg_color=&#8221;#f9f9f9&#8243;][vc_column width=&#8221;1\/1&#8243;][vc_tta_tabs style=&#8221;modern&#8221; color=&#8221;white&#8221; spacing=&#8221;10&#8243; active_section=&#8221;1&#8243; no_fill_content_area=&#8221;true&#8221;][vc_tta_section title=&#8221;Informacje&#8221; tab_id=&#8221;informacje&#8221;][\/vc_tta_section][vc_tta_section title=&#8221;Plan dnia&#8221; tab_id=&#8221;program&#8221;][vc_row_inner][vc_column_inner width=&#8221;2\/3&#8243;][vc_column_text]Pierwszy dzie\u0144: Przyjazd na miejsce zaplanowany jest na godziny popo\u0142udniowe. Tego dnia po kolacji (ok. godz. 19.00) odbywa si\u0119 spotkanie ze wszystkimi uczestnikami wyjazdu, na kt\u00f3rym przedstawione zostan\u0105 wszystkie szczeg\u00f3\u0142y, dotycz\u0105ce organizacji, szkolenia, itd. Ostatni dzie\u0144: Wyjazd ko\u0144czy si\u0119 \u015bniadaniem. Po nim jest wykwaterowanie i powr\u00f3t domu. Ka\u017cdy pozosta\u0142y dzie\u0144: 8:00 \u015bniadanie 8:50 zbi\u00f3rka w pe\u0142nym narciarskim stroju na narty i pakowanie si\u0119 do busa 9:00 odjazd busa 9:30 &#8211; 13:30 zaj\u0119cia na stoku (w mi\u0119dzyczasie robimy kr\u00f3tk\u0105 przerw\u0119 na kanapki i ciep\u0142\u0105 herbatk\u0119 lub gor\u0105c\u0105 czekolad\u0119) 14:00 powr\u00f3t busa 14:30 obiad 15:00 &#8211; 16:00 sjesta poobiednia z rodzicami 16:00 &#8211; 17:30 zaj\u0119cia popo\u0142udniowe 18:00 kolacja[\/vc_column_text][\/vc_column_inner][vc_column_inner width=&#8221;1\/3&#8243; offset=&#8221;vc_hidden-xs&#8221;][\/vc_column_inner][\/vc_row_inner][\/vc_tta_section][vc_tta_section title=&#8221;Szkolenie dla dzieci&#8221; tab_id=&#8221;Szkolenia-dla-dzieci&#8221;][vc_column_text] W ma\u0142ych grupach szkoleniowych dopasowanych poziomem do umiej\u0119tno\u015bci uczestnika (5 &#8211; 6 osobowych, w przypadku dzieci zaczynaj\u0105cych od pocz\u0105tku zazwyczaj s\u0105 to grupy 2 &#8211; 3 osobowe) Na najwy\u017cszym poziomie! Podchodzimy bardzo indywidualnie do ka\u017cdego Urwiska, uwzgl\u0119dniaj\u0105c jego wszystkie mocniejsze i s\u0142absze strony, tak \u017ceby jak naj\u0142atwiej mu by\u0142o robi\u0107 post\u0119py w nauce. Mamy bardzo dobr\u0105 i zaufan\u0105\u00a0kadr\u0119 instruktorsk\u0105, kt\u00f3ra cz\u0119sto wywodzi si\u0119\u00a0bezpo\u015brednio z naszego klubu (przesz\u0142a ca\u0142\u0105 struktur\u0119 rozwoju narciarza &#8211; od Urwiska [&hellip;]<\/p>\n","protected":false},"author":6,"featured_media":22121,"parent":0,"template":"","meta":{"_acf_changed":false,"_mo_disable_npp":"","_vp_format_video_url":"","_vp_image_focal_point":[],"footnotes":""},"class_list":["post-22564","wyjazdy","type-wyjazdy","status-publish","has-post-thumbnail","hentry","kategoria_wyjazdw-obozy-snowboardowe-en","kategoria_wyjazdw-przedszkole-narciarskie-urwiski"],"acf":[],"aioseo_notices":[],"_links":{"self":[{"href":"https:\/\/deski.org\/en\/wp-json\/wp\/v2\/wyjazdy\/22564","targetHints":{"allow":["GET"]}}],"collection":[{"href":"https:\/\/deski.org\/en\/wp-json\/wp\/v2\/wyjazdy"}],"about":[{"href":"https:\/\/deski.org\/en\/wp-json\/wp\/v2\/types\/wyjazdy"}],"author":[{"embeddable":true,"href":"https:\/\/deski.org\/en\/wp-json\/wp\/v2\/users\/6"}],"version-history":[{"count":1,"href":"https:\/\/deski.org\/en\/wp-json\/wp\/v2\/wyjazdy\/22564\/revisions"}],"predecessor-version":[{"id":22565,"href":"https:\/\/deski.org\/en\/wp-json\/wp\/v2\/wyjazdy\/22564\/revisions\/22565"}],"wp:featuredmedia":[{"embeddable":true,"href":"https:\/\/deski.org\/en\/wp-json\/wp\/v2\/media\/22121"}],"wp:attachment":[{"href":"https:\/\/deski.org\/en\/wp-json\/wp\/v2\/media?parent=22564"}],"curies":[{"name":"wp","href":"https:\/\/api.w.org\/{rel}","templated":true}]}}